{"id":343,"date":"2023-05-25T09:47:39","date_gmt":"2023-05-25T07:47:39","guid":{"rendered":"https:\/\/tulliovietri.com\/?page_id=343"},"modified":"2023-10-14T16:41:42","modified_gmt":"2023-10-14T14:41:42","slug":"home","status":"publish","type":"page","link":"https:\/\/tulliovietri.com\/en\/","title":{"rendered":"Home"},"content":{"rendered":"<div>(Oderzo 1927 &#8211; Bologna 2016)<\/div>\n<h1>Tullio<br \/>Vietri<\/h1>\n<div>Tullio Vietri<\/div>\n<div>Tullio Vietri is an artist and intellectual committed to his own time: his artwork documents more than half a century of Italian and western history, analyzing its complex social, economic and political processes and anticipating the dramatic outcomes of the transformations taking place in the country.<br \/>The contemporary man can always be found at the center of his pieces, between conquests and defeats, illusions and disappointments, hope and loss of hope. Tullio Vietri is a \u201ccivil painter\u201d who blends artistic research and ethical commitment, who believes in mankind and its spiritual values, in the freedom of individuals and in social justice.<\/div>\n<p><img decoding=\"async\" src=\"\/wp-content\/uploads\/2023\/05\/foto-ritoccata-tullio-vietri-2.png\" alt=\"\"><\/p>\n<div>\n<p><span style=\"font-size:20px;line-height:1.2;\">His realism is an ethical choice before being an aesthetic one, matured in the need for unequivocal communication, for a language capable of interpreting the historical present, the contemporaneity.<\/span><\/p>\n<p>Consistently, his language changes over the decades, to represent the continuous mutation and progressive implosion of the witnessed reality, the tearing apart of the relationships between individual and collectivity, the deepening of the imbalance between society and environment, the spreading of an increasingly violent, pervasive and planetary conflictuality. Over time, his figuration becomes more dramatic, gradually acquiring more and more markedly expressionistic tones that, in his last period, almost decline towards an abstractionist tendency, to signify, through the regression of the form and a deliberate loss of organicity, the impending devastation on man and nature.<\/p>\n<p style=\"font-size:20px;line-height:1.2;\">Vietri can be included in the \u201cexpressionist line\u201d of 20th century art, although with its own intrinsic originality, that grows from his own conscious rejection of all the \u201cisms\u201d present in the aesthetic and ideological debate in the season of post-avant-garde revisionism and neo-figuration.<\/p>\n<\/div>\n<ul>\n<li>\n<p>        <img decoding=\"async\" src=\"\/en\/wp-content\/uploads\/2023\/06\/folder-foto-atelier-ritoccata-in-tipografia.jpg\" alt=\"\"><\/p>\n<h3>The Study<\/h3>\n<p>Bologna<\/p>\n<\/li>\n<li>\n<p>        <img decoding=\"async\" src=\"\/en\/wp-content\/uploads\/2023\/05\/home.jpeg\" alt=\"\"><\/p>\n<h3>The Library<\/h3>\n<p>Bologna<\/p>\n<\/li>\n<\/ul>\n<ul>\n<li>\n<p>        <img decoding=\"async\" src=\"\/en\/wp-content\/uploads\/2023\/06\/3.-Museo-Tullio-Vietri-piano-terra-2-scaled.jpg\" alt=\"\"><\/p>\n<h3>The Collection<\/h3>\n<p>Oderzo<\/p>\n<\/li>\n<li>\n<p>        <img decoding=\"async\" src=\"\/en\/wp-content\/uploads\/2023\/06\/DSC_0036-scaled.jpg\" alt=\"\"><\/p>\n<h3>The Library Fund<\/h3>\n<p>Oderzo<\/p>\n<\/li>\n<\/ul>\n<div>\n<p>Opitergino by birth and Bolognese by adoption, he made his debut as a painter in Bologna in the early 1940s, becoming a nationally and internationally renowned protagonist in the 1960s and 1970s. He took part in important exhibitions in Rome, Paris, Berlin, Los Angeles and Nottingham; he was himself a cultural operator and organizer, promoter and co-promoter in Bologna of a multiplicity of events that ended with the exhaustion of the protests in the early 1970s. From then on, he progressively and voluntarily excluded himself from an artistic world that he felt was increasingly conditioned by mercantile demands, lacking genuine cultural purposes. However, he continued his pictorial research that, although confined within the walls of his studio, never stopped and never failed in its ethical-aesthetic intentions. On the contrary, it takes on new vigor and since 1989 his research has been accompanied by activity for the magazine \u00ab<em>Critica Radicale<\/em>, per una nuova cultura per una nuova arte\u00bb (\u00abRadical Criticism, for a new culture for a new art\u00bb), a six-monthly review founded and directed by Vietri for eleven years. Then, in the 1990s, the return to Oderzo where, far from the official circuits of the market and criticism, he felt he could once again open up to dialogue without having to deny the reasons for his dissociation.<\/p>\n<\/div>\n<div>\n<p style=\"font-size: 20px; line-height: 1.2;\">In every moment of his artistic and existential parabola, Vietri has denounced the dangers towards which contemporary society is running, he has called on men to reflect and react. Over the last few years he has screamed about the lack of future of a society with no more intellectual memory, cultural identity, spiritual values: thus his latest pictorial production becomes a civil lamentation, a moral invocation for the preservation of nature, for the very survival of humanity, for the protection of the fundamental rights of every man.<\/p>\n<\/div>\n<h2>Retrospective Oderzo 2019<\/h2>\n<div>Three years after his demise, in 2019, Oderzo, his hometown, dedicated a large retrospective exhibition to Tullio Vietri, in the halls of the <a href=\"https:\/\/www.oderzocultura.it\/pinacoteca-alberto-martini\/\" target=\"_blank\" rel=\"noopener\"><span class=\"text-highlighted-small\">Pinacoteca Civica Alberto Martini<span><\/a> and entitled it \u201cCronache Italiane 1958-2008\u201d (\u201cItalian Chronicles 1958-2008\u201d). The exhibition is inaugurated by the Mayor Maria Scardellato and the President of Oderzo Cultura Carlo Gaino in the presence of the city authorities and the artist&#8217;s family; the curator, Professor Roberto Costella, introduces and accompanies guests and public on a tour of the exhibition.<\/div>\n<p>\n    <a href=\"\/en\/retrospettiva-oderzo-2019\/\">View the event<\/a>\n<\/p>\n<div>\n<\/div>\n<h2>Events &#038; News<\/h2>\n<div>News and information on new events related to Tullio Vietri and ongoing activities within the Atelier.<br \/>\nHighlights of special moments, near and far.\n<\/div>\n<div>\n<\/div>\n<p>\n    <a href=\"\/en\/eventi-e-news\/\">View Events &#038; News<\/a>\n<\/p>\n<div>\n<h2>The Atelier<\/h2>\n<p>Tullio Vietri<\/p>\n<div>\n<p>The atelier preserves the family\u2019s rich pictorial and graphic collection (approximately 1,500 pieces, between paintings and graphics). It periodically organizes temporary exhibitions within its spaces, in order to promote knowledge about the collection, displaying the works in rotation.<\/p>\n<p>It is located in Bologna in Via Saragozza 135 under the historic portico of San Luca.<br \/>The Atelier can be visited, by appointment, from October to June. Guided tours available.<\/p>\n<\/div>\n<p><a href=\"\/en\/the-atelier\/\">Further information<\/a><\/p>\n<\/div>\n<div>\n<h2>The Museum<\/h2>\n<p>Tullio Vietri<\/p>\n<div>\n<p>The Biblioteca Civica, managed by the Oderzo Cultura Foundation, displays the core of the collection owned by the Municipality of Oderzo, by the artist\u2019s behest, custodian of his artworks (about 4000 pieces including paintings and graphics).<\/p>\n<p>It is located in Oderzo (TV) in Via Garibaldi 80 at the Civic Library.<br \/>It can be visited during library opening hours and by appointment.<\/p>\n<\/div>\n<p><a href=\"\/en\/the-museum\/\">Further information<\/a><\/p>\n<\/div>\n<p><!--more--><br \/>\n<!-- {\"type\":\"layout\",\"children\":[{\"type\":\"section\",\"props\":{\"class\":\"uk-position-relative\",\"height\":\"full\",\"image_position\":\"center-center\",\"padding\":\"xlarge\",\"style\":\"muted\",\"title_breakpoint\":\"xl\",\"title_position\":\"top-left\",\"title_rotation\":\"left\",\"vertical_align\":\"middle\",\"width\":\"\"},\"children\":[{\"type\":\"row\",\"props\":{\"margin\":\"remove-vertical\",\"width\":\"small\"},\"children\":[{\"type\":\"column\",\"props\":{\"image_position\":\"center-center\",\"position_sticky_breakpoint\":\"m\"},\"children\":[{\"type\":\"headline\",\"props\":{\"content\":\"(Oderzo 1927 - Bologna 2016)\",\"margin\":\"remove-vertical\",\"title_element\":\"div\",\"title_style\":\"h2\"},\"name\":\"Headline hero generic page - subtitle\"},{\"type\":\"headline\",\"props\":{\"content\":\"Tullio<br \\\/>Vietri\",\"position\":\"relative\",\"position_z_index\":\"1\",\"text_align\":\"left\",\"text_align_breakpoint\":\"m\",\"text_align_fallback\":\"center\",\"title_element\":\"h1\",\"title_style\":\"heading-2xlarge\",\"visibility\":\"s\"},\"name\":\"Headline hero generic page - title desktop\"},{\"type\":\"headline\",\"props\":{\"content\":\"Tullio Vietri\",\"text_align\":\"left\",\"text_align_breakpoint\":\"m\",\"text_align_fallback\":\"center\",\"title_element\":\"div\",\"title_style\":\"heading-xlarge\",\"visibility\":\"hidden-s\"},\"name\":\"Headline hero generic page - title mobile\"},{\"type\":\"text\",\"props\":{\"class\":\"uk-width-xlarge@l\",\"column_breakpoint\":\"m\",\"content\":\"Tullio Vietri is an artist and intellectual committed to his own time: his artwork documents more than half a century of Italian and western history, analyzing its complex social, economic and political processes and anticipating the dramatic outcomes of the transformations taking place in the country.<br \/>The contemporary man can always be found at the center of his pieces, between conquests and defeats, illusions and disappointments, hope and loss of hope. Tullio Vietri is a \\u201ccivil painter\\u201d who blends artistic research and ethical commitment, who believes in mankind and its spiritual values, in the freedom of individuals and in social justice.\",\"margin\":\"medium\",\"maxwidth\":\"2xlarge\",\"maxwidth_breakpoint\":\"m\",\"position\":\"relative\",\"position_z_index\":\"1\",\"text_align\":\"left\",\"text_align_breakpoint\":\"m\",\"text_align_fallback\":\"center\",\"text_style\":\"large\"},\"name\":\"Headline hero generic page - text\"}]}]},{\"type\":\"row\",\"props\":{\"margin\":\"remove-vertical\",\"width\":\"small\"},\"children\":[{\"type\":\"column\",\"props\":{\"css\":\".el-column > * { position: static; }\",\"image_position\":\"center-center\",\"position_sticky_breakpoint\":\"m\"},\"children\":[{\"type\":\"image\",\"props\":{\"animation\":\"parallax\",\"css\":\".el-image { max-width: 54vw; }\\n.el-element { pointer-events: none; }\\n\\n@media (max-width: 1199px) {\\n    .el-element { \\n        right: -80px!important;\\n        text-align: right!important; }\\n}\",\"image\":\"\\\/wp-content\\\/uploads\\\/2023\\\/05\\\/foto-ritoccata-tullio-vietri-2.png\",\"image_loading\":true,\"image_svg_color\":\"emphasis\",\"image_width\":\"800\",\"margin\":\"default\",\"parallax_x\":\"240\",\"position\":\"absolute\",\"position_bottom\":\"0\",\"position_right\":\"-370\",\"position_z_index\":\"1\",\"text_align\":\"center\",\"visibility\":\"m\"},\"name\":\"Headline hero generic page - image\"}]}]}],\"name\":\"Hero generic page\"},{\"type\":\"section\",\"props\":{\"header_transparent\":\"dark\",\"header_transparent_noplaceholder\":false,\"image_effect\":\"parallax\",\"image_parallax_bgy\":\"100,0\",\"image_parallax_easing\":\"1\",\"image_position\":\"top-left\",\"media_visibility\":\"xl\",\"overlap\":false,\"padding\":\"large\",\"padding_remove_bottom\":true,\"padding_remove_top\":false,\"preserve_color\":false,\"style\":\"default\",\"title\":\"Tullio Vietri\",\"title_breakpoint\":\"xl\",\"title_position\":\"center-left\",\"title_rotation\":\"left\",\"vertical_align\":\"middle\",\"width\":\"\"},\"children\":[{\"type\":\"row\",\"props\":{\"column_gap\":\"large\",\"layout\":\"1-2,1-2\",\"margin_remove_top\":true,\"padding_remove_horizontal\":false,\"width\":\"small\",\"width_expand\":\"right\"},\"children\":[{\"type\":\"column\",\"props\":{\"image_position\":\"center-center\",\"position_sticky_breakpoint\":\"m\",\"width_medium\":\"1-2\"},\"children\":[{\"type\":\"text\",\"props\":{\"block_align_breakpoint\":\"m\",\"block_align_fallback\":\"center\",\"class\":\"el-from-small-left-animation\",\"column_breakpoint\":\"m\",\"content\":\"\n\n<p><span style=\\\"font-size:20px;line-height:1.2;\\\">His realism is an ethical choice before being an aesthetic one, matured in the need for unequivocal communication, for a language capable of interpreting the historical present, the contemporaneity.<\\\/span><\\\/p>\\n\n\n<p>Consistently, his language changes over the decades, to represent the continuous mutation and progressive implosion of the witnessed reality, the tearing apart of the relationships between individual and collectivity, the deepening of the imbalance between society and environment, the spreading of an increasingly violent, pervasive and planetary conflictuality. Over time, his figuration becomes more dramatic, gradually acquiring more and more markedly expressionistic tones that, in his last period, almost decline towards an abstractionist tendency, to signify, through the regression of the form and a deliberate loss of organicity, the impending devastation on man and nature.<\\\/p>\\n\n\n<p style=\\\"font-size:20px;line-height:1.2;\\\">Vietri can be included in the \\u201cexpressionist line\\u201d of 20th century art, although with its own intrinsic originality, that grows from his own conscious rejection of all the \\u201cisms\\u201d present in the aesthetic and ideological debate in the season of post-avant-garde revisionism and neo-figuration.<\\\/p>\",\"margin\":\"default\",\"maxwidth\":\"xlarge\",\"text_align\":\"left\",\"text_align_fallback\":\"center\"}}]},{\"type\":\"column\",\"props\":{\"image_position\":\"center-center\",\"position_sticky_breakpoint\":\"m\",\"width_medium\":\"1-2\"},\"children\":[{\"name\":\"Panel Slider Item Width Auto\",\"type\":\"panel-slider\",\"children\":[{\"type\":\"panel-slider_item\",\"props\":{\"content\":\"\",\"image\":\"wp-content\\\/uploads\\\/2023\\\/06\\\/folder-foto-atelier-ritoccata-in-tipografia.jpg\",\"meta\":\"Bologna\",\"title\":\"The Study\"}},{\"type\":\"panel-slider_item\",\"props\":{\"content\":\"\",\"image\":\"wp-content\\\/uploads\\\/2023\\\/05\\\/home.jpeg\",\"meta\":\"Bologna\",\"title\":\"The Library\"}}],\"props\":{\"class\":\"el-from-small-right-animation\",\"container_padding_remove\":true,\"content_column_breakpoint\":\"m\",\"content_margin\":\"remove\",\"icon_width\":80,\"image_align\":\"top\",\"image_grid_breakpoint\":\"m\",\"image_grid_width\":\"1-2\",\"image_height\":\"535\",\"image_link\":true,\"image_svg_color\":\"emphasis\",\"link_margin\":\"remove\",\"link_style\":\"text\",\"link_text\":\"Learn More\",\"margin\":\"default\",\"meta_align\":\"below-title\",\"meta_element\":\"div\",\"meta_margin\":\"remove\",\"meta_style\":\"\",\"nav\":\"dotnav\",\"nav_align\":\"left\",\"nav_breakpoint\":\"s\",\"nav_margin\":\"small\",\"panel_card_match\":true,\"panel_link\":true,\"show_content\":true,\"show_image\":true,\"show_link\":true,\"show_meta\":true,\"show_title\":true,\"slidenav\":\"\",\"slidenav_breakpoint\":\"m\",\"slidenav_hover\":false,\"slidenav_margin\":\"medium\",\"slidenav_outside_breakpoint\":\"m\",\"slider_autoplay\":true,\"slider_autoplay_interval\":\"3\",\"slider_autoplay_pause\":true,\"slider_center\":false,\"slider_finite\":false,\"slider_gap\":\"small\",\"slider_width\":\"\",\"slider_width_default\":\"1-1\",\"slider_width_medium\":\"1-2\",\"slider_width_small\":\"1-2\",\"title_align\":\"top\",\"title_element\":\"h3\",\"title_grid_breakpoint\":\"m\",\"title_grid_width\":\"1-2\",\"title_hover_style\":\"reset\",\"title_link\":true,\"title_style\":\"h5\"}}]}]}],\"name\":\"About\"},{\"type\":\"section\",\"props\":{\"header_transparent\":\"dark\",\"header_transparent_noplaceholder\":false,\"image_effect\":\"parallax\",\"image_parallax_bgy\":\"100,0\",\"image_parallax_easing\":\"1\",\"image_position\":\"top-left\",\"media_visibility\":\"xl\",\"overlap\":false,\"padding_remove_bottom\":false,\"padding_remove_top\":false,\"preserve_color\":false,\"style\":\"default\",\"title\":\"Biography\",\"title_breakpoint\":\"xl\",\"title_position\":\"center-right\",\"title_rotation\":\"left\",\"vertical_align\":\"middle\",\"width\":\"\"},\"children\":[{\"type\":\"row\",\"props\":{\"column_gap\":\"large\",\"layout\":\"1-2,1-2\",\"margin_remove_top\":true,\"padding_remove_horizontal\":false,\"width\":\"small\",\"width_expand\":\"right\"},\"children\":[{\"type\":\"column\",\"props\":{\"image_position\":\"center-center\",\"position_sticky_breakpoint\":\"m\",\"width_medium\":\"1-2\"},\"children\":[{\"name\":\"Panel Slider Item Width Auto\",\"type\":\"panel-slider\",\"children\":[{\"type\":\"panel-slider_item\",\"props\":{\"content\":\"\",\"image\":\"wp-content\\\/uploads\\\/2023\\\/06\\\/3.-Museo-Tullio-Vietri-piano-terra-2-scaled.jpg\",\"meta\":\"Oderzo\",\"title\":\"The Collection\"}},{\"type\":\"panel-slider_item\",\"props\":{\"content\":\"\",\"image\":\"wp-content\\\/uploads\\\/2023\\\/06\\\/DSC_0036-scaled.jpg\",\"meta\":\"Oderzo\",\"title\":\"The Library Fund\"}}],\"props\":{\"class\":\"el-from-small-left-animation\",\"container_padding_remove\":true,\"content_column_breakpoint\":\"m\",\"content_margin\":\"remove\",\"icon_width\":80,\"image_align\":\"top\",\"image_grid_breakpoint\":\"m\",\"image_grid_width\":\"1-2\",\"image_height\":\"535\",\"image_link\":true,\"image_svg_color\":\"emphasis\",\"link_margin\":\"remove\",\"link_style\":\"text\",\"link_text\":\"Learn More\",\"margin\":\"default\",\"meta_align\":\"below-title\",\"meta_element\":\"div\",\"meta_margin\":\"remove\",\"meta_style\":\"\",\"nav\":\"dotnav\",\"nav_align\":\"left\",\"nav_breakpoint\":\"s\",\"nav_margin\":\"small\",\"panel_card_match\":true,\"panel_link\":true,\"show_content\":true,\"show_image\":true,\"show_link\":true,\"show_meta\":true,\"show_title\":true,\"slidenav\":\"\",\"slidenav_breakpoint\":\"m\",\"slidenav_hover\":false,\"slidenav_margin\":\"medium\",\"slidenav_outside_breakpoint\":\"m\",\"slider_autoplay\":true,\"slider_autoplay_interval\":\"3\",\"slider_autoplay_pause\":true,\"slider_center\":false,\"slider_gap\":\"small\",\"slider_width\":\"\",\"slider_width_default\":\"1-1\",\"slider_width_medium\":\"1-2\",\"slider_width_small\":\"1-2\",\"title_align\":\"top\",\"title_element\":\"h3\",\"title_grid_breakpoint\":\"m\",\"title_grid_width\":\"1-2\",\"title_hover_style\":\"reset\",\"title_link\":true,\"title_style\":\"h5\"}}]},{\"type\":\"column\",\"props\":{\"image_position\":\"center-center\",\"position_sticky_breakpoint\":\"m\",\"width_medium\":\"1-2\"},\"children\":[{\"type\":\"text\",\"props\":{\"block_align_breakpoint\":\"m\",\"block_align_fallback\":\"center\",\"class\":\"el-from-small-right-animation\",\"column_breakpoint\":\"m\",\"content\":\"\n\n<p>Opitergino by birth and Bolognese by adoption, he made his debut as a painter in Bologna in the early 1940s, becoming a nationally and internationally renowned protagonist in the 1960s and 1970s. He took part in important exhibitions in Rome, Paris, Berlin, Los Angeles and Nottingham; he was himself a cultural operator and organizer, promoter and co-promoter in Bologna of a multiplicity of events that ended with the exhaustion of the protests in the early 1970s. From then on, he progressively and voluntarily excluded himself from an artistic world that he felt was increasingly conditioned by mercantile demands, lacking genuine cultural purposes. However, he continued his pictorial research that, although confined within the walls of his studio, never stopped and never failed in its ethical-aesthetic intentions. On the contrary, it takes on new vigor and since 1989 his research has been accompanied by activity for the magazine \\u00ab<em>Critica Radicale<\\\/em>, per una nuova cultura per una nuova arte\\u00bb (\\u00abRadical Criticism, for a new culture for a new art\\u00bb), a six-monthly review founded and directed by Vietri for eleven years. Then, in the 1990s, the return to Oderzo where, far from the official circuits of the market and criticism, he felt he could once again open up to dialogue without having to deny the reasons for his dissociation.<\\\/p>\",\"margin\":\"default\",\"maxwidth\":\"xlarge\",\"text_align\":\"left\",\"text_align_fallback\":\"center\"}}]}]},{\"type\":\"row\",\"props\":{\"margin_remove_top\":false,\"padding_remove_horizontal\":false,\"width\":\"small\",\"width_expand\":\"right\"},\"children\":[{\"type\":\"column\",\"props\":{\"image_position\":\"center-center\",\"position_sticky_breakpoint\":\"m\",\"vertical_align\":\"middle\"},\"children\":[{\"type\":\"text\",\"props\":{\"block_align_breakpoint\":\"m\",\"block_align_fallback\":\"center\",\"class\":\"el-from-small-right-animation\",\"column_breakpoint\":\"m\",\"content\":\"\n\n<p style=\\\"font-size: 20px; line-height: 1.2;\\\">In every moment of his artistic and existential parabola, Vietri has denounced the dangers towards which contemporary society is running, he has called on men to reflect and react. Over the last few years he has screamed about the lack of future of a society with no more intellectual memory, cultural identity, spiritual values: thus his latest pictorial production becomes a civil lamentation, a moral invocation for the preservation of nature, for the very survival of humanity, for the protection of the fundamental rights of every man.<\\\/p>\",\"margin\":\"large\",\"text_align\":\"left\",\"text_align_fallback\":\"center\"}}]}]}],\"name\":\"About\"},{\"type\":\"section\",\"props\":{\"header_transparent\":\"dark\",\"header_transparent_noplaceholder\":false,\"image_effect\":\"parallax\",\"image_parallax_bgy\":\"100,0\",\"image_parallax_easing\":\"1\",\"image_position\":\"top-left\",\"media_visibility\":\"xl\",\"overlap\":false,\"padding_remove_bottom\":false,\"padding_remove_top\":false,\"preserve_color\":false,\"style\":\"default\",\"title_breakpoint\":\"xl\",\"title_position\":\"top-left\",\"title_rotation\":\"left\",\"vertical_align\":\"middle\",\"width\":\"\"},\"children\":[{\"type\":\"row\",\"props\":{\"class\":\"el-from-small-bottom-animation\",\"margin\":\"xlarge\",\"margin_remove_bottom\":false,\"width\":\"default\"},\"children\":[{\"type\":\"column\",\"props\":{\"image_position\":\"center-center\",\"position_sticky_breakpoint\":\"m\"},\"children\":[{\"type\":\"headline\",\"props\":{\"content\":\"Retrospective Oderzo 2019\",\"text_align\":\"center\",\"title_element\":\"h2\",\"title_style\":\"h1\"}},{\"type\":\"text\",\"props\":{\"block_align\":\"center\",\"column_breakpoint\":\"m\",\"content\":\"Three years after his demise, in 2019, Oderzo, his hometown, dedicated a large retrospective exhibition to Tullio Vietri, in the halls of the <a href=\\\"https:\\\/\\\/www.oderzocultura.it\\\/pinacoteca-alberto-martini\\\/\\\" target=\\\"_blank\\\"><span class=\\\"text-highlighted-small\\\">Pinacoteca Civica Alberto Martini<span><\\\/a> and entitled it \\u201cCronache Italiane 1958-2008\\u201d (\\u201cItalian Chronicles 1958-2008\\u201d). The exhibition is inaugurated by the Mayor Maria Scardellato and the President of Oderzo Cultura Carlo Gaino in the presence of the city authorities and the artist's family; the curator, Professor Roberto Costella, introduces and accompanies guests and public on a tour of the exhibition.\",\"margin\":\"default\",\"text_align\":\"center\",\"text_style\":\"lead\"}},{\"type\":\"button\",\"props\":{\"grid_column_gap\":\"small\",\"grid_row_gap\":\"small\",\"margin\":\"default\",\"text_align\":\"center\"},\"children\":[{\"type\":\"button_item\",\"props\":{\"button_style\":\"primary\",\"content\":\"View the event\",\"icon_align\":\"left\",\"link\":\"retrospettiva-oderzo-2019\\\/\"}}]}]}]},{\"type\":\"row\",\"children\":[{\"type\":\"column\",\"props\":{\"image_position\":\"center-center\",\"position_sticky_breakpoint\":\"m\"},\"children\":[{\"type\":\"sm_swiper_slider\",\"props\":{\"filter_align\":\"left\",\"filter_all\":true,\"filter_grid_breakpoint\":\"m\",\"filter_grid_width\":\"auto\",\"filter_position\":\"top\",\"filter_style\":\"tab\",\"grid_default\":\"1\",\"grid_medium\":\"3\",\"item_animation\":true,\"link_style\":\"default\",\"link_text\":\"Read more\",\"margin\":\"default\",\"meta_align\":\"below-title\",\"meta_element\":\"div\",\"meta_style\":\"text-meta\",\"overlay_hover\":true,\"overlay_mode\":\"cover\",\"overlay_position\":\"center\",\"overlay_style\":\"overlay-primary\",\"overlay_transition\":\"fade\",\"show_content\":true,\"show_hover_image\":true,\"show_link\":true,\"show_meta\":true,\"show_title\":true,\"text_align\":\"center\",\"text_color\":\"light\",\"title_element\":\"h3\",\"title_hover_style\":\"reset\"},\"children\":[{\"type\":\"sm_swiper_slider_item\",\"source\":{\"query\":{\"name\":\"pages.singlePage\",\"field\":{\"name\":\"field.slide_disegni\",\"directives\":[{\"name\":\"slice\",\"arguments\":{\"offset\":0}}]}},\"props\":{\"image\":{\"filters\":{\"search\":\"\"},\"name\":\"url\"}}}}]}]}]}],\"name\":\"About\"},{\"type\":\"section\",\"props\":{\"height\":\"full\",\"image_position\":\"center-center\",\"padding\":\"small\",\"style\":\"default\",\"title_breakpoint\":\"xl\",\"title_position\":\"top-left\",\"title_rotation\":\"left\",\"vertical_align\":\"middle\",\"width\":\"\"},\"children\":[{\"type\":\"row\",\"props\":{\"width\":\"xlarge\"},\"children\":[{\"type\":\"column\",\"props\":{\"image_position\":\"center-center\",\"position_sticky_breakpoint\":\"m\"},\"children\":[{\"type\":\"headline\",\"props\":{\"class\":\"el-from-small-bottom-animation\",\"content\":\"Events & News\",\"position\":\"relative\",\"position_z_index\":\"1\",\"text_align\":\"center\",\"title_element\":\"h2\",\"title_style\":\"heading-large\"},\"name\":\"Standard Page template - section eventi e news - headline\"},{\"type\":\"text\",\"props\":{\"block_align\":\"center\",\"class\":\"el-from-small-bottom-animation\",\"column_breakpoint\":\"m\",\"content\":\"News and information on new events related to Tullio Vietri and ongoing activities within the Atelier.<br \/>\\nHighlights of special moments, near and far.\\n\",\"margin\":\"default\",\"maxwidth\":\"xlarge\",\"position\":\"relative\",\"position_z_index\":\"1\",\"text_align\":\"center\",\"text_style\":\"large\"},\"name\":\"Standard Page template - section eventi e news - text\"},{\"name\":\"Panel Slider Column Gap None\",\"type\":\"panel-slider\",\"children\":[{\"type\":\"panel-slider_item\",\"props\":{\"content\":\"\"},\"source\":{\"query\":{\"name\":\"posts.customPosts\",\"arguments\":{\"terms\":[3],\"category_operator\":\"IN\",\"post_tag_operator\":\"IN\",\"users\":[],\"users_operator\":\"IN\",\"offset\":0,\"limit\":10,\"order\":\"date\",\"order_direction\":\"DESC\"}},\"props\":{\"meta\":{\"filters\":{\"search\":\"\"},\"name\":\"field.data_evento\"},\"title\":{\"filters\":{\"search\":\"\"},\"name\":\"field.titolo_per_anteprima\"},\"image\":{\"filters\":{\"search\":\"\"},\"name\":\"featuredImage.url\"},\"link\":{\"filters\":{\"search\":\"\"},\"name\":\"link\"}}}}],\"props\":{\"container_padding_remove\":true,\"content_column_breakpoint\":\"m\",\"icon_width\":80,\"image_align\":\"top\",\"image_grid_breakpoint\":\"m\",\"image_grid_width\":\"1-2\",\"image_height\":\"500\",\"image_link\":true,\"image_svg_color\":\"emphasis\",\"image_transition\":\"scale-down\",\"image_width\":\"500\",\"link_style\":\"default\",\"link_text\":\"View more\",\"margin\":\"default\",\"meta_align\":\"above-title\",\"meta_element\":\"div\",\"meta_margin\":\"medium\",\"meta_style\":\"\",\"nav\":\"dotnav\",\"nav_align\":\"center\",\"nav_breakpoint\":\"s\",\"nav_margin\":\"medium\",\"panel_card_match\":true,\"panel_card_offset\":true,\"panel_link\":true,\"show_content\":true,\"show_image\":true,\"show_link\":true,\"show_meta\":true,\"show_title\":true,\"slidenav\":\"\",\"slidenav_breakpoint\":\"xl\",\"slidenav_hover\":false,\"slidenav_margin\":\"medium\",\"slidenav_outside_breakpoint\":\"xl\",\"slider_autoplay\":true,\"slider_autoplay_interval\":\"3\",\"slider_autoplay_pause\":true,\"slider_center\":false,\"slider_divider\":false,\"slider_finite\":false,\"slider_gap\":\"default\",\"slider_sets\":false,\"slider_width\":\"fixed\",\"slider_width_default\":\"1-1\",\"slider_width_medium\":\"1-3\",\"slider_width_small\":\"1-2\",\"title_align\":\"top\",\"title_element\":\"h3\",\"title_grid_breakpoint\":\"m\",\"title_grid_width\":\"1-2\",\"title_hover_style\":\"reset\",\"title_link\":true,\"title_margin\":\"small\",\"title_style\":\"h3\"}},{\"type\":\"button\",\"props\":{\"class\":\"el-from-small-bottom-animation\",\"fullwidth\":false,\"grid_column_gap\":\"small\",\"grid_row_gap\":\"small\",\"margin\":\"medium\",\"margin_remove_bottom\":false,\"position\":\"relative\",\"position_z_index\":\"1\",\"text_align\":\"center\"},\"children\":[{\"type\":\"button_item\",\"props\":{\"button_style\":\"primary\",\"content\":\"View Events & News\",\"icon_align\":\"left\",\"link\":\"eventi-e-news\\\/\"}}],\"name\":\"Standard Page template - section eventi e news - button\"}]}]}],\"name\":\"News e Eventi - 05\\\/09\\\/2023\"},{\"type\":\"section\",\"props\":{\"image_position\":\"center-center\",\"padding_remove_bottom\":true,\"padding_remove_top\":true,\"style\":\"default\",\"title_breakpoint\":\"xl\",\"title_position\":\"top-left\",\"title_rotation\":\"left\",\"vertical_align\":\"middle\",\"width\":\"\"},\"children\":[{\"type\":\"row\",\"props\":{\"height\":\"full\",\"layout\":\"1-2,1-2\",\"row_gap\":\"collapse\"},\"children\":[{\"type\":\"column\",\"props\":{\"image\":\"wp-content\\\/uploads\\\/2023\\\/07\\\/WhatsApp-Image-2023-07-24-at-12.11.37.jpeg\",\"image_effect\":\"parallax\",\"image_parallax_bgy\":\"-290\",\"image_position\":\"center-center\",\"image_size\":\"cover\",\"media_overlay\":\"rgba(250, 247, 237, 0)\",\"padding\":\"none\",\"position_sticky_breakpoint\":\"m\",\"vertical_align\":\"bottom\",\"width_medium\":\"1-2\"},\"children\":[{\"type\":\"panel\",\"props\":{\"block_align\":\"center\",\"class\":\"el-from-small-left-animation card-overlay-bottom-one-third\",\"content\":\"\n\n<p>The atelier preserves the family\\u2019s rich pictorial and graphic collection (approximately 1,500 pieces, between paintings and graphics). It periodically organizes temporary exhibitions within its spaces, in order to promote knowledge about the collection, displaying the works in rotation.<\\\/p>\\n\n\n<p>It is located in Bologna in Via Saragozza 135 under the historic portico of San Luca.<br \/>The Atelier can be visited, by appointment, from October to June. Guided tours available.<\\\/p>\",\"content_align\":false,\"content_column_breakpoint\":\"m\",\"icon_width\":80,\"image_align\":\"top\",\"image_grid_breakpoint\":\"m\",\"image_grid_width\":\"1-2\",\"image_svg_color\":\"emphasis\",\"link\":\"the-atelier\\\/\",\"link_margin\":\"large\",\"link_style\":\"secondary\",\"link_text\":\"Further information\",\"margin\":\"small\",\"meta\":\"Tullio Vietri\",\"meta_align\":\"above-title\",\"meta_element\":\"div\",\"meta_margin\":\"small\",\"meta_style\":\"h6\",\"panel_padding\":\"large\",\"position_bottom\":\"-20vh\",\"text_align\":\"center\",\"title\":\"The Atelier\",\"title_align\":\"top\",\"title_element\":\"h2\",\"title_grid_breakpoint\":\"m\",\"title_grid_width\":\"1-2\",\"title_hover_style\":\"reset\",\"title_margin\":\"small\",\"title_style\":\"heading-medium\"},\"name\":\"Standard Page template - section pre footer - l' atelier\"}]},{\"type\":\"column\",\"props\":{\"image\":\"wp-content\\\/uploads\\\/2023\\\/07\\\/P1050674-2.jpg\",\"image_effect\":\"parallax\",\"image_parallax_bgy\":\"-70\",\"image_position\":\"center-center\",\"image_size\":\"cover\",\"media_overlay\":\"rgba(255, 255, 255, 0)\",\"padding\":\"none\",\"position_sticky_breakpoint\":\"m\",\"text_color\":\"dark\",\"vertical_align\":\"bottom\",\"width_medium\":\"1-2\"},\"children\":[{\"type\":\"panel\",\"props\":{\"block_align\":\"center\",\"class\":\"card-overlay-bottom-one-third el-from-small-left-animation background-mute-alpha7\",\"content\":\"\n\n<p>The Biblioteca Civica, managed by the Oderzo Cultura Foundation, displays the core of the collection owned by the Municipality of Oderzo, by the artist\\u2019s behest, custodian of his artworks (about 4000 pieces including paintings and graphics).<\\\/p>\\n\n\n<p>It is located in Oderzo (TV) in Via Garibaldi 80 at the Civic Library.<br \/>It can be visited during library opening hours and by appointment.<\\\/p>\",\"content_align\":false,\"content_column_breakpoint\":\"m\",\"icon_width\":80,\"image_align\":\"top\",\"image_grid_breakpoint\":\"m\",\"image_grid_width\":\"1-2\",\"image_svg_color\":\"emphasis\",\"link\":\"the-museum\\\/\",\"link_margin\":\"large\",\"link_style\":\"secondary\",\"link_text\":\"Further information\",\"margin\":\"small\",\"maxwidth\":\"large\",\"meta\":\"Tullio Vietri\",\"meta_align\":\"above-title\",\"meta_element\":\"div\",\"meta_margin\":\"small\",\"meta_style\":\"h6\",\"panel_padding\":\"large\",\"position_bottom\":\"-20vh\",\"text_align\":\"center\",\"title\":\"The Museum\",\"title_align\":\"top\",\"title_element\":\"h2\",\"title_grid_breakpoint\":\"m\",\"title_grid_width\":\"1-2\",\"title_hover_style\":\"reset\",\"title_margin\":\"small\",\"title_style\":\"heading-medium\"},\"name\":\"Standard Page template - section pre footer - l' atelier\"}]}]}],\"name\":\"Pre Footer\"}],\"version\":\"4.1.1\",\"yooessentialsVersion\":\"1.9.9\"} --><\/p>\n","protected":false},"excerpt":{"rendered":"<p>(Oderzo 1927 &#8211; Bologna 2016) TullioVietri Tullio Vietri Tullio Vietri is an artist and intellectual committed to his own time: his artwork documents more than half a century of Italian and western history, analyzing its complex social, economic and political processes and anticipating the dramatic outcomes of the transformations taking place in the country.The contemporary [&hellip;]<\/p>\n","protected":false},"author":1,"featured_media":0,"parent":0,"menu_order":0,"comment_status":"closed","ping_status":"closed","template":"","meta":{"_acf_changed":false,"rank_math_lock_modified_date":false,"footnotes":""},"class_list":["post-343","page","type-page","status-publish","hentry"],"acf":[],"rankMath":{"parentDomain":"tulliovietri.com","noFollowDomains":[],"noFollowExcludeDomains":[],"noFollowExternalLinks":false,"featuredImageNotice":"L&#039;immagine in evidenza dovrebbe essere di almeno 200 x 200 pixel per essere ripresa da Facebook e altri siti di social media.","pluginReviewed":false,"postSettings":{"linkSuggestions":true,"useFocusKeyword":false},"frontEndScore":false,"postName":"home","permalinkFormat":"https:\/\/tulliovietri.com\/en\/","showLockModifiedDate":true,"assessor":{"focusKeywordLink":"https:\/\/tulliovietri.com\/en\/wp-admin\/edit.php?focus_keyword=%focus_keyword%&post_type=%post_type%","hasTOCPlugin":false,"primaryTaxonomy":false,"serpData":{"title":"","description":"Tullio Vietri \u00e8 artista e intellettuale impegnato nel proprio tempo: la sua pittura documenta pi\u00f9 di mezzo secolo di storia italiana e occidentale, ne analizza i complessi processi sociali, economici e politici, anticipando gli esiti drammatici delle trasformazioni in atto","focusKeywords":"Tullio Vietri","pillarContent":false,"canonicalUrl":"","breadcrumbTitle":"","advancedRobots":[],"facebookTitle":"","facebookDescription":"","facebookImage":"","facebookImageID":"","facebookHasOverlay":false,"facebookImageOverlay":"","facebookAuthor":"","twitterCardType":"","twitterUseFacebook":true,"twitterTitle":"","twitterDescription":"","twitterImage":"","twitterImageID":"","twitterHasOverlay":false,"twitterImageOverlay":"","twitterPlayerUrl":"","twitterPlayerSize":"","twitterPlayerStream":"","twitterPlayerStreamCtype":"","twitterAppDescription":"","twitterAppIphoneName":"","twitterAppIphoneID":"","twitterAppIphoneUrl":"","twitterAppIpadName":"","twitterAppIpadID":"","twitterAppIpadUrl":"","twitterAppGoogleplayName":"","twitterAppGoogleplayID":"","twitterAppGoogleplayUrl":"","twitterAppCountry":"","robots":{"index":true},"twitterAuthor":"nome utente","primaryTerm":0,"authorName":"mama@presga.it","titleTemplate":"%title% %sep% %sitename%","descriptionTemplate":"%excerpt%","showScoreFrontend":true,"lockModifiedDate":false},"powerWords":["incredibile","sorprendente","meraviglioso","unico","bello","felicit\u00e0","brillante","affascinante","carismatico","scioccante","chiaro","completamente","riservato","fiducia","significativo","creativo","definitivamente","delizioso","dimostrare","sbrigati","determinato","degno","dinamico","impressionante","essenziale","ispiratore","innovativo","intenso","efficace","magico","magnifico","storico","importante","incredibile","indispensabile","indimenticabile","irresistibile","leggendario","luminoso","lusso","magico","magnifico","maestoso","memorabile","miracoloso","motivante","necessario","nuovo","ufficiale","perfetto","appassionato","persuasivo","fenomenale","piacere","popolare","potere","prestigioso","prodigioso","profondo","prospero","potente","qualit\u00e0","radiante","veloce","di successo","rivoluzionario","soddisfatto","sicurezza","sensazionale","sereno","lussuoso","splendido","sublime","sorprendente","talentuoso","terrificante","unico","valore","vibrante","vittorioso","vivace","veramente","zelante","autentico","avventuroso","spettacolare","esclusivo","garantito","straordinario","favoloso","affascinante","formidabile","geniale","grandioso","gratuito","abile","illimitato","impeccabile","infallibile","infinitamente","influente","ingegnoso","indimenticabile","insostituibile","leader","maestro","notevole","innovativo","pioniere","potente","riconosciuto","rivoluzionario","sorprendente","superiore","trionfante","ultra","coraggioso","prezioso","avanguardia","vigoroso","visionario","volont\u00e0","vitale","trionfo","glorioso","inarrestabile","ineguagliabile","intelligente","invincibile","libert\u00e0","orgoglio","pace","progresso","rinnovato","saggezza","soddisfazione","sicuro","serenit\u00e0","superamento","talento","trascendente","trasformativo","coraggio","vittoria"],"diacritics":{"A":"[\\u0041\\u24B6\\uFF21\\u00C0\\u00C1\\u00C2\\u1EA6\\u1EA4\\u1EAA\\u1EA8\\u00C3\\u0100\\u0102\\u1EB0\\u1EAE\\u1EB4\\u1EB2\\u0226\\u01E0\\u00C4\\u01DE\\u1EA2\\u00C5\\u01FA\\u01CD\\u0200\\u0202\\u1EA0\\u1EAC\\u1EB6\\u1E00\\u0104\\u023A\\u2C6F]","AA":"[\\uA732]","AE":"[\\u00C6\\u01FC\\u01E2]","AO":"[\\uA734]","AU":"[\\uA736]","AV":"[\\uA738\\uA73A]","AY":"[\\uA73C]","B":"[\\u0042\\u24B7\\uFF22\\u1E02\\u1E04\\u1E06\\u0243\\u0182\\u0181]","C":"[\\u0043\\u24B8\\uFF23\\u0106\\u0108\\u010A\\u010C\\u00C7\\u1E08\\u0187\\u023B\\uA73E]","D":"[\\u0044\\u24B9\\uFF24\\u1E0A\\u010E\\u1E0C\\u1E10\\u1E12\\u1E0E\\u0110\\u018B\\u018A\\u0189\\uA779]","DZ":"[\\u01F1\\u01C4]","Dz":"[\\u01F2\\u01C5]","E":"[\\u0045\\u24BA\\uFF25\\u00C8\\u00C9\\u00CA\\u1EC0\\u1EBE\\u1EC4\\u1EC2\\u1EBC\\u0112\\u1E14\\u1E16\\u0114\\u0116\\u00CB\\u1EBA\\u011A\\u0204\\u0206\\u1EB8\\u1EC6\\u0228\\u1E1C\\u0118\\u1E18\\u1E1A\\u0190\\u018E]","F":"[\\u0046\\u24BB\\uFF26\\u1E1E\\u0191\\uA77B]","G":"[\\u0047\\u24BC\\uFF27\\u01F4\\u011C\\u1E20\\u011E\\u0120\\u01E6\\u0122\\u01E4\\u0193\\uA7A0\\uA77D\\uA77E]","H":"[\\u0048\\u24BD\\uFF28\\u0124\\u1E22\\u1E26\\u021E\\u1E24\\u1E28\\u1E2A\\u0126\\u2C67\\u2C75\\uA78D]","I":"[\\u0049\\u24BE\\uFF29\\u00CC\\u00CD\\u00CE\\u0128\\u012A\\u012C\\u0130\\u00CF\\u1E2E\\u1EC8\\u01CF\\u0208\\u020A\\u1ECA\\u012E\\u1E2C\\u0197]","J":"[\\u004A\\u24BF\\uFF2A\\u0134\\u0248]","K":"[\\u004B\\u24C0\\uFF2B\\u1E30\\u01E8\\u1E32\\u0136\\u1E34\\u0198\\u2C69\\uA740\\uA742\\uA744\\uA7A2]","L":"[\\u004C\\u24C1\\uFF2C\\u013F\\u0139\\u013D\\u1E36\\u1E38\\u013B\\u1E3C\\u1E3A\\u0141\\u023D\\u2C62\\u2C60\\uA748\\uA746\\uA780]","LJ":"[\\u01C7]","Lj":"[\\u01C8]","M":"[\\u004D\\u24C2\\uFF2D\\u1E3E\\u1E40\\u1E42\\u2C6E\\u019C]","N":"[\\u004E\\u24C3\\uFF2E\\u01F8\\u0143\\u00D1\\u1E44\\u0147\\u1E46\\u0145\\u1E4A\\u1E48\\u0220\\u019D\\uA790\\uA7A4]","NJ":"[\\u01CA]","Nj":"[\\u01CB]","O":"[\\u004F\\u24C4\\uFF2F\\u00D2\\u00D3\\u00D4\\u1ED2\\u1ED0\\u1ED6\\u1ED4\\u00D5\\u1E4C\\u022C\\u1E4E\\u014C\\u1E50\\u1E52\\u014E\\u022E\\u0230\\u00D6\\u022A\\u1ECE\\u0150\\u01D1\\u020C\\u020E\\u01A0\\u1EDC\\u1EDA\\u1EE0\\u1EDE\\u1EE2\\u1ECC\\u1ED8\\u01EA\\u01EC\\u00D8\\u01FE\\u0186\\u019F\\uA74A\\uA74C]","OI":"[\\u01A2]","OO":"[\\uA74E]","OU":"[\\u0222]","P":"[\\u0050\\u24C5\\uFF30\\u1E54\\u1E56\\u01A4\\u2C63\\uA750\\uA752\\uA754]","Q":"[\\u0051\\u24C6\\uFF31\\uA756\\uA758\\u024A]","R":"[\\u0052\\u24C7\\uFF32\\u0154\\u1E58\\u0158\\u0210\\u0212\\u1E5A\\u1E5C\\u0156\\u1E5E\\u024C\\u2C64\\uA75A\\uA7A6\\uA782]","S":"[\\u0053\\u24C8\\uFF33\\u1E9E\\u015A\\u1E64\\u015C\\u1E60\\u0160\\u1E66\\u1E62\\u1E68\\u0218\\u015E\\u2C7E\\uA7A8\\uA784]","T":"[\\u0054\\u24C9\\uFF34\\u1E6A\\u0164\\u1E6C\\u021A\\u0162\\u1E70\\u1E6E\\u0166\\u01AC\\u01AE\\u023E\\uA786]","TZ":"[\\uA728]","U":"[\\u0055\\u24CA\\uFF35\\u00D9\\u00DA\\u00DB\\u0168\\u1E78\\u016A\\u1E7A\\u016C\\u00DC\\u01DB\\u01D7\\u01D5\\u01D9\\u1EE6\\u016E\\u0170\\u01D3\\u0214\\u0216\\u01AF\\u1EEA\\u1EE8\\u1EEE\\u1EEC\\u1EF0\\u1EE4\\u1E72\\u0172\\u1E76\\u1E74\\u0244]","V":"[\\u0056\\u24CB\\uFF36\\u1E7C\\u1E7E\\u01B2\\uA75E\\u0245]","VY":"[\\uA760]","W":"[\\u0057\\u24CC\\uFF37\\u1E80\\u1E82\\u0174\\u1E86\\u1E84\\u1E88\\u2C72]","X":"[\\u0058\\u24CD\\uFF38\\u1E8A\\u1E8C]","Y":"[\\u0059\\u24CE\\uFF39\\u1EF2\\u00DD\\u0176\\u1EF8\\u0232\\u1E8E\\u0178\\u1EF6\\u1EF4\\u01B3\\u024E\\u1EFE]","Z":"[\\u005A\\u24CF\\uFF3A\\u0179\\u1E90\\u017B\\u017D\\u1E92\\u1E94\\u01B5\\u0224\\u2C7F\\u2C6B\\uA762]","a":"[\\u0061\\u24D0\\uFF41\\u1E9A\\u00E0\\u00E1\\u00E2\\u1EA7\\u1EA5\\u1EAB\\u1EA9\\u00E3\\u0101\\u0103\\u1EB1\\u1EAF\\u1EB5\\u1EB3\\u0227\\u01E1\\u00E4\\u01DF\\u1EA3\\u00E5\\u01FB\\u01CE\\u0201\\u0203\\u1EA1\\u1EAD\\u1EB7\\u1E01\\u0105\\u2C65\\u0250]","aa":"[\\uA733]","ae":"[\\u00E6\\u01FD\\u01E3]","ao":"[\\uA735]","au":"[\\uA737]","av":"[\\uA739\\uA73B]","ay":"[\\uA73D]","b":"[\\u0062\\u24D1\\uFF42\\u1E03\\u1E05\\u1E07\\u0180\\u0183\\u0253]","c":"[\\u0063\\u24D2\\uFF43\\u0107\\u0109\\u010B\\u010D\\u00E7\\u1E09\\u0188\\u023C\\uA73F\\u2184]","d":"[\\u0064\\u24D3\\uFF44\\u1E0B\\u010F\\u1E0D\\u1E11\\u1E13\\u1E0F\\u0111\\u018C\\u0256\\u0257\\uA77A]","dz":"[\\u01F3\\u01C6]","e":"[\\u0065\\u24D4\\uFF45\\u00E8\\u00E9\\u00EA\\u1EC1\\u1EBF\\u1EC5\\u1EC3\\u1EBD\\u0113\\u1E15\\u1E17\\u0115\\u0117\\u00EB\\u1EBB\\u011B\\u0205\\u0207\\u1EB9\\u1EC7\\u0229\\u1E1D\\u0119\\u1E19\\u1E1B\\u0247\\u025B\\u01DD]","f":"[\\u0066\\u24D5\\uFF46\\u1E1F\\u0192\\uA77C]","g":"[\\u0067\\u24D6\\uFF47\\u01F5\\u011D\\u1E21\\u011F\\u0121\\u01E7\\u0123\\u01E5\\u0260\\uA7A1\\u1D79\\uA77F]","h":"[\\u0068\\u24D7\\uFF48\\u0125\\u1E23\\u1E27\\u021F\\u1E25\\u1E29\\u1E2B\\u1E96\\u0127\\u2C68\\u2C76\\u0265]","hv":"[\\u0195]","i":"[\\u0069\\u24D8\\uFF49\\u00EC\\u00ED\\u00EE\\u0129\\u012B\\u012D\\u00EF\\u1E2F\\u1EC9\\u01D0\\u0209\\u020B\\u1ECB\\u012F\\u1E2D\\u0268\\u0131]","j":"[\\u006A\\u24D9\\uFF4A\\u0135\\u01F0\\u0249]","k":"[\\u006B\\u24DA\\uFF4B\\u1E31\\u01E9\\u1E33\\u0137\\u1E35\\u0199\\u2C6A\\uA741\\uA743\\uA745\\uA7A3]","l":"[\\u006C\\u24DB\\uFF4C\\u0140\\u013A\\u013E\\u1E37\\u1E39\\u013C\\u1E3D\\u1E3B\\u017F\\u0142\\u019A\\u026B\\u2C61\\uA749\\uA781\\uA747]","lj":"[\\u01C9]","m":"[\\u006D\\u24DC\\uFF4D\\u1E3F\\u1E41\\u1E43\\u0271\\u026F]","n":"[\\u006E\\u24DD\\uFF4E\\u01F9\\u0144\\u00F1\\u1E45\\u0148\\u1E47\\u0146\\u1E4B\\u1E49\\u019E\\u0272\\u0149\\uA791\\uA7A5]","nj":"[\\u01CC]","o":"[\\u006F\\u24DE\\uFF4F\\u00F2\\u00F3\\u00F4\\u1ED3\\u1ED1\\u1ED7\\u1ED5\\u00F5\\u1E4D\\u022D\\u1E4F\\u014D\\u1E51\\u1E53\\u014F\\u022F\\u0231\\u00F6\\u022B\\u1ECF\\u0151\\u01D2\\u020D\\u020F\\u01A1\\u1EDD\\u1EDB\\u1EE1\\u1EDF\\u1EE3\\u1ECD\\u1ED9\\u01EB\\u01ED\\u00F8\\u01FF\\u0254\\uA74B\\uA74D\\u0275]","oi":"[\\u01A3]","ou":"[\\u0223]","oo":"[\\uA74F]","p":"[\\u0070\\u24DF\\uFF50\\u1E55\\u1E57\\u01A5\\u1D7D\\uA751\\uA753\\uA755]","q":"[\\u0071\\u24E0\\uFF51\\u024B\\uA757\\uA759]","r":"[\\u0072\\u24E1\\uFF52\\u0155\\u1E59\\u0159\\u0211\\u0213\\u1E5B\\u1E5D\\u0157\\u1E5F\\u024D\\u027D\\uA75B\\uA7A7\\uA783]","s":"[\\u0073\\u24E2\\uFF53\\u015B\\u1E65\\u015D\\u1E61\\u0161\\u1E67\\u1E63\\u1E69\\u0219\\u015F\\u023F\\uA7A9\\uA785\\u1E9B]","ss":"[\\u00DF]","t":"[\\u0074\\u24E3\\uFF54\\u1E6B\\u1E97\\u0165\\u1E6D\\u021B\\u0163\\u1E71\\u1E6F\\u0167\\u01AD\\u0288\\u2C66\\uA787]","tz":"[\\uA729]","u":"[\\u0075\\u24E4\\uFF55\\u00F9\\u00FA\\u00FB\\u0169\\u1E79\\u016B\\u1E7B\\u016D\\u00FC\\u01DC\\u01D8\\u01D6\\u01DA\\u1EE7\\u016F\\u0171\\u01D4\\u0215\\u0217\\u01B0\\u1EEB\\u1EE9\\u1EEF\\u1EED\\u1EF1\\u1EE5\\u1E73\\u0173\\u1E77\\u1E75\\u0289]","v":"[\\u0076\\u24E5\\uFF56\\u1E7D\\u1E7F\\u028B\\uA75F\\u028C]","vy":"[\\uA761]","w":"[\\u0077\\u24E6\\uFF57\\u1E81\\u1E83\\u0175\\u1E87\\u1E85\\u1E98\\u1E89\\u2C73]","x":"[\\u0078\\u24E7\\uFF58\\u1E8B\\u1E8D]","y":"[\\u0079\\u24E8\\uFF59\\u1EF3\\u00FD\\u0177\\u1EF9\\u0233\\u1E8F\\u00FF\\u1EF7\\u1E99\\u1EF5\\u01B4\\u024F\\u1EFF]","z":"[\\u007A\\u24E9\\uFF5A\\u017A\\u1E91\\u017C\\u017E\\u1E93\\u1E95\\u01B6\\u0225\\u0240\\u2C6C\\uA763]"},"researchesTests":["contentHasTOC","contentHasShortParagraphs","contentHasAssets","keywordInTitle","keywordInMetaDescription","keywordInPermalink","keywordIn10Percent","keywordInContent","keywordInSubheadings","keywordInImageAlt","keywordDensity","keywordNotUsed","lengthContent","lengthPermalink","linksHasInternal","linksHasExternals","linksNotAllExternals","titleStartWithKeyword","titleSentiment","titleHasPowerWords","titleHasNumber","hasContentAI"],"hasRedirection":false,"hasBreadcrumb":false},"homeUrl":"https:\/\/tulliovietri.com\/en","objectID":343,"objectType":"post","locale":"it","localeFull":"it_IT","overlayImages":{"play":{"name":"Icona di riproduzione","url":"https:\/\/tulliovietri.com\/en\/wp-content\/plugins\/seo-by-rank-math\/assets\/admin\/img\/icon-play.png","path":"\/var\/www\/vhosts\/tulliovietri.com\/httpdocs\/wp-content\/plugins\/seo-by-rank-math\/assets\/admin\/img\/icon-play.png","position":"middle_center"},"gif":{"name":"Icona GIF","url":"https:\/\/tulliovietri.com\/en\/wp-content\/plugins\/seo-by-rank-math\/assets\/admin\/img\/icon-gif.png","path":"\/var\/www\/vhosts\/tulliovietri.com\/httpdocs\/wp-content\/plugins\/seo-by-rank-math\/assets\/admin\/img\/icon-gif.png","position":"middle_center"}},"defautOgImage":"https:\/\/tulliovietri.com\/en\/wp-content\/plugins\/seo-by-rank-math\/assets\/admin\/img\/social-placeholder.jpg","customPermalinks":true,"isUserRegistered":false,"autoSuggestKeywords":false,"connectSiteUrl":"https:\/\/rankmath.com\/auth?site=https%3A%2F%2Ftulliovietri.com%2Fen&r=https%3A%2F%2Ftulliovietri.com%2Fen%2Fwp-json%2Fwp%2Fv2%2Fpages%2F343%3Fnonce%3D9b9de050e7","maxTags":5,"trendsIcon":"<svg viewBox=\"0 0 610 610\"><path d=\"M18.85,446,174.32,290.48l58.08,58.08L76.93,504a14.54,14.54,0,0,1-20.55,0L18.83,466.48a14.54,14.54,0,0,1,0-20.55Z\" style=\"fill:#4285f4\"\/><path d=\"M242.65,242.66,377.59,377.6l-47.75,47.75a14.54,14.54,0,0,1-20.55,0L174.37,290.43l47.75-47.75A14.52,14.52,0,0,1,242.65,242.66Z\" style=\"fill:#ea4335\"\/><polygon points=\"319.53 319.53 479.26 159.8 537.34 217.88 377.61 377.62 319.53 319.53\" style=\"fill:#fabb05\"\/><path d=\"M594.26,262.73V118.61h0a16.94,16.94,0,0,0-16.94-16.94H433.2a16.94,16.94,0,0,0-12,28.92L565.34,274.71h0a16.94,16.94,0,0,0,28.92-12Z\" style=\"fill:#34a853\"\/><rect width=\"610\" height=\"610\" style=\"fill:none\"\/><\/svg>","showScore":true,"siteFavIcon":"data:image\/png;base64,iVBORw0KGgoAAAANSUhEUgAAABAAAAAQCAYAAAAf8\/9hAAABs0lEQVR4AWL4\/\/8\/RRjO8Iucx+noO0MWUDo16FYABMGP6ZfUcRnWtm27jVPbtm3bttuH2t3eFPcY9pLz7NxiLjCyVd87pKnHyqXyxtCs8APd0rnyxiu4qSeA3QEDrAwBDrT1s1Rc\/OrjLZwqVmOSu6+Lamcpp2KKMA9PH1BYXMe1mUP5qotvXTywsOEEYHXxrY+3cqk6TMkYpNr2FeoY3KIr0RPtn9wQ2unlA+GMkRw6+9TFw4YTwDUzx\/JVvARj9KaedXRO8P5B1Du2S32smzqUrcKGEyA+uAgQjKX7zf0boWHGfn71jIKj2689gxp7OAGShNcBUmLMPVjZuiKcA2vuWHHDCQxMCz629kXAIU4ApY15QwggAFbfOP9DhgBJ+nWVJ1AZAfICAj1pAlY6hCADZnveQf7bQIwzVONGJonhLIlS9gr5mFg44Xd+4S3XHoGNPdJl1INIwKyEgHckEhgTe1bGiFY9GSFBYUwLh1IkiJUbY407E7syBSFxKTszEoiE\/YdrgCEayDmtaJwCI9uu8TKMuZSVfSa4BpGgzvomBR\/INhLGzrqDotp01ZR8pn\/1L0JN9d9XNyx0AAAAAElFTkSuQmCC","canUser":{"general":false,"advanced":false,"snippet":false,"social":false,"analysis":false,"analytics":false,"content_ai":false},"isPro":false,"is_front_page":false,"trendsUpgradeLink":"https:\/\/rankmath.com\/pricing\/?utm_source=Plugin&utm_medium=CE%20General%20Tab%20Trends&utm_campaign=WP","trendsUpgradeLabel":"Aggiorna","trendsPreviewImage":"https:\/\/tulliovietri.com\/en\/wp-content\/plugins\/seo-by-rank-math\/assets\/admin\/img\/trends-preview.jpg","currentEditor":false,"homepageData":{"assessor":{"powerWords":["incredibile","sorprendente","meraviglioso","unico","bello","felicit\u00e0","brillante","affascinante","carismatico","scioccante","chiaro","completamente","riservato","fiducia","significativo","creativo","definitivamente","delizioso","dimostrare","sbrigati","determinato","degno","dinamico","impressionante","essenziale","ispiratore","innovativo","intenso","efficace","magico","magnifico","storico","importante","incredibile","indispensabile","indimenticabile","irresistibile","leggendario","luminoso","lusso","magico","magnifico","maestoso","memorabile","miracoloso","motivante","necessario","nuovo","ufficiale","perfetto","appassionato","persuasivo","fenomenale","piacere","popolare","potere","prestigioso","prodigioso","profondo","prospero","potente","qualit\u00e0","radiante","veloce","di successo","rivoluzionario","soddisfatto","sicurezza","sensazionale","sereno","lussuoso","splendido","sublime","sorprendente","talentuoso","terrificante","unico","valore","vibrante","vittorioso","vivace","veramente","zelante","autentico","avventuroso","spettacolare","esclusivo","garantito","straordinario","favoloso","affascinante","formidabile","geniale","grandioso","gratuito","abile","illimitato","impeccabile","infallibile","infinitamente","influente","ingegnoso","indimenticabile","insostituibile","leader","maestro","notevole","innovativo","pioniere","potente","riconosciuto","rivoluzionario","sorprendente","superiore","trionfante","ultra","coraggioso","prezioso","avanguardia","vigoroso","visionario","volont\u00e0","vitale","trionfo","glorioso","inarrestabile","ineguagliabile","intelligente","invincibile","libert\u00e0","orgoglio","pace","progresso","rinnovato","saggezza","soddisfazione","sicuro","serenit\u00e0","superamento","talento","trascendente","trasformativo","coraggio","vittoria"],"diacritics":true,"researchesTests":["contentHasTOC","contentHasShortParagraphs","contentHasAssets","keywordInTitle","keywordInMetaDescription","keywordInPermalink","keywordIn10Percent","keywordInContent","keywordInSubheadings","keywordInImageAlt","keywordDensity","keywordNotUsed","lengthContent","lengthPermalink","linksHasInternal","linksHasExternals","linksNotAllExternals","titleStartWithKeyword","titleSentiment","titleHasPowerWords","titleHasNumber","hasContentAI"],"hasBreadcrumb":false,"serpData":{"title":"%sitename% %page% %sep% %sitedesc%","description":"","titleTemplate":"%sitename% %page% %sep% %sitedesc%","descriptionTemplate":"","focusKeywords":"","breadcrumbTitle":"Home","robots":{"index":true},"advancedRobots":[],"facebookTitle":"","facebookDescription":"","facebookImage":"","facebookImageID":""}}},"tocTitle":"Table of Contents","tocExcludeHeadings":[],"listStyle":"ul"},"_links":{"self":[{"href":"https:\/\/tulliovietri.com\/en\/wp-json\/wp\/v2\/pages\/343","targetHints":{"allow":["GET"]}}],"collection":[{"href":"https:\/\/tulliovietri.com\/en\/wp-json\/wp\/v2\/pages"}],"about":[{"href":"https:\/\/tulliovietri.com\/en\/wp-json\/wp\/v2\/types\/page"}],"author":[{"embeddable":true,"href":"https:\/\/tulliovietri.com\/en\/wp-json\/wp\/v2\/users\/1"}],"replies":[{"embeddable":true,"href":"https:\/\/tulliovietri.com\/en\/wp-json\/wp\/v2\/comments?post=343"}],"version-history":[{"count":17,"href":"https:\/\/tulliovietri.com\/en\/wp-json\/wp\/v2\/pages\/343\/revisions"}],"predecessor-version":[{"id":4090,"href":"https:\/\/tulliovietri.com\/en\/wp-json\/wp\/v2\/pages\/343\/revisions\/4090"}],"wp:attachment":[{"href":"https:\/\/tulliovietri.com\/en\/wp-json\/wp\/v2\/media?parent=343"}],"curies":[{"name":"wp","href":"https:\/\/api.w.org\/{rel}","templated":true}]}}